{"id":1207,"date":"2026-03-02T21:19:37","date_gmt":"2026-03-02T20:19:37","guid":{"rendered":"https:\/\/lacanaubeachclub.fr\/?page_id=1207"},"modified":"2026-03-03T09:20:23","modified_gmt":"2026-03-03T08:20:23","slug":"mobilite-facias","status":"publish","type":"page","link":"https:\/\/lacanaubeachclub.fr\/index.php\/mobilite-facias\/","title":{"rendered":"Mobilit\u00e9 &amp; facias"},"content":{"rendered":"\t\t<div data-elementor-type=\"wp-page\" data-elementor-id=\"1207\" class=\"elementor elementor-1207\">\n\t\t\t\t<div class=\"elementor-element elementor-element-964b1e0 e-flex e-con-boxed e-con e-parent\" data-id=\"964b1e0\" data-element_type=\"container\" data-e-type=\"container\">\n\t\t\t\t\t<div class=\"e-con-inner\">\n\t\t\t\t<div class=\"elementor-element elementor-element-ea26e62 elementor-widget elementor-widget-text-editor\" data-id=\"ea26e62\" data-element_type=\"widget\" data-e-type=\"widget\" data-widget_type=\"text-editor.default\">\n\t\t\t\t<div class=\"elementor-widget-container\">\n\t\t\t\t\t\t\t\t\t<p>Mobilit\u00e9 &amp; fascias<\/p>\t\t\t\t\t\t\t\t<\/div>\n\t\t\t\t<\/div>\n\t\t\t\t\t<\/div>\n\t\t\t\t<\/div>\n\t\t<div class=\"elementor-element elementor-element-1b9e614 e-flex e-con-boxed e-con e-parent\" data-id=\"1b9e614\" data-element_type=\"container\" data-e-type=\"container\">\n\t\t\t\t\t<div class=\"e-con-inner\">\n\t\t<div class=\"elementor-element elementor-element-027ad11 e-con-full e-flex e-con e-child\" data-id=\"027ad11\" data-element_type=\"container\" data-e-type=\"container\">\n\t\t\t\t<div class=\"elementor-element elementor-element-6ca626f elementor-widget elementor-widget-image\" data-id=\"6ca626f\" data-element_type=\"widget\" data-e-type=\"widget\" data-widget_type=\"image.default\">\n\t\t\t\t<div class=\"elementor-widget-container\">\n\t\t\t\t\t\t\t\t\t\t\t\t\t\t\t<img fetchpriority=\"high\" decoding=\"async\" width=\"1024\" height=\"688\" src=\"https:\/\/lacanaubeachclub.fr\/wp-content\/uploads\/2026\/03\/Capture-decran-2026-03-02-a-21.19.14-1024x688.png\" class=\"attachment-large size-large wp-image-1210\" alt=\"\" srcset=\"https:\/\/lacanaubeachclub.fr\/wp-content\/uploads\/2026\/03\/Capture-decran-2026-03-02-a-21.19.14-1024x688.png 1024w, https:\/\/lacanaubeachclub.fr\/wp-content\/uploads\/2026\/03\/Capture-decran-2026-03-02-a-21.19.14-300x202.png 300w, https:\/\/lacanaubeachclub.fr\/wp-content\/uploads\/2026\/03\/Capture-decran-2026-03-02-a-21.19.14-768x516.png 768w, https:\/\/lacanaubeachclub.fr\/wp-content\/uploads\/2026\/03\/Capture-decran-2026-03-02-a-21.19.14.png 1310w\" sizes=\"(max-width: 1024px) 100vw, 1024px\" \/>\t\t\t\t\t\t\t\t\t\t\t\t\t\t\t<\/div>\n\t\t\t\t<\/div>\n\t\t\t\t<div class=\"elementor-element elementor-element-7e76c98 elementor-widget elementor-widget-image\" data-id=\"7e76c98\" data-element_type=\"widget\" data-e-type=\"widget\" data-widget_type=\"image.default\">\n\t\t\t\t<div class=\"elementor-widget-container\">\n\t\t\t\t\t\t\t\t\t\t\t\t\t\t\t<img decoding=\"async\" width=\"871\" height=\"1024\" src=\"https:\/\/lacanaubeachclub.fr\/wp-content\/uploads\/2026\/03\/Capture-decran-2026-03-02-a-21.19.24-871x1024.png\" class=\"attachment-large size-large wp-image-1209\" alt=\"\" srcset=\"https:\/\/lacanaubeachclub.fr\/wp-content\/uploads\/2026\/03\/Capture-decran-2026-03-02-a-21.19.24-871x1024.png 871w, https:\/\/lacanaubeachclub.fr\/wp-content\/uploads\/2026\/03\/Capture-decran-2026-03-02-a-21.19.24-255x300.png 255w, https:\/\/lacanaubeachclub.fr\/wp-content\/uploads\/2026\/03\/Capture-decran-2026-03-02-a-21.19.24-768x903.png 768w, https:\/\/lacanaubeachclub.fr\/wp-content\/uploads\/2026\/03\/Capture-decran-2026-03-02-a-21.19.24.png 910w\" sizes=\"(max-width: 871px) 100vw, 871px\" \/>\t\t\t\t\t\t\t\t\t\t\t\t\t\t\t<\/div>\n\t\t\t\t<\/div>\n\t\t\t\t<\/div>\n\t\t<div class=\"elementor-element elementor-element-4515794 e-con-full e-flex e-con e-child\" data-id=\"4515794\" data-element_type=\"container\" data-e-type=\"container\">\n\t\t\t\t<div class=\"elementor-element elementor-element-0d96f97 elementor-widget elementor-widget-text-editor\" data-id=\"0d96f97\" data-element_type=\"widget\" data-e-type=\"widget\" data-widget_type=\"text-editor.default\">\n\t\t\t\t<div class=\"elementor-widget-container\">\n\t\t\t\t\t\t\t\t\t<p><b>ATELIER GLOBAL MOBILITY CONTIONING (GMC)<\/b><\/p><p>GMC s\u2019inscrit pleinement dans le champ de la pr\u00e9vention fonctionnelle et posturale, en proposant\u00a0<b>un cadre d\u2019\u00e9valuation pertinent<\/b>, permettant d\u2019identifier les d\u00e9s\u00e9quilibres moteurs, d\u2019\u00e9valuer les risques de blessures et de concevoir des protocoles d\u2019intervention individualis\u00e9s.<\/p><p>Ses fondements reposent sur l\u2019analyse syst\u00e9matique de la mobilit\u00e9 articulaire, de la stabilit\u00e9 posturale, de la coordination motrice, de la force fonctionnelle et des sch\u00e9mas moteurs. L\u2019ensemble de ces composantes sont consid\u00e9r\u00e9es comme des d\u00e9terminants interd\u00e9pendants du contr\u00f4le postural, tant dans les situations statiques que dynamiques, et participent \u00e0 l\u2019efficacit\u00e9, \u00e0 l\u2019\u00e9conomie et \u00e0 la s\u00e9curit\u00e9 du mouvement.<\/p><ul><li aria-level=\"1\">D\u00e9marche de lutte contre les Troubles Musculosquelettiques\u00a0 (TMS)<\/li><li aria-level=\"1\">Evaluation GMC avec un scoring individuel\u00a0<\/li><li aria-level=\"1\">Identification des facteurs de risque de blessure<\/li><li aria-level=\"1\">Analyse des limitations fonctionnelles<\/li><li aria-level=\"1\">D\u00e9tection des asym\u00e9tries structurelles<\/li><li aria-level=\"1\">Evaluation du contr\u00f4le moteur<\/li><li aria-level=\"1\">Analyse de la stabilit\u00e9 segmentaire<\/li><li aria-level=\"1\">Observation des compensations neurom\u00e9caniques<\/li><li aria-level=\"1\">Bilan des capacit\u00e9s articulaires actives<\/li><li aria-level=\"1\">Mise en place des protocoles GMC<\/li><\/ul><p><strong>Dur\u00e9e du test\u00a0: 30mn<\/strong><\/p><p><strong>Explication et mise en place protocole\u00a0: 20mn par protocole<\/strong><\/p>\t\t\t\t\t\t\t\t<\/div>\n\t\t\t\t<\/div>\n\t\t\t\t<\/div>\n\t\t\t\t\t<\/div>\n\t\t\t\t<\/div>\n\t\t<div class=\"elementor-element elementor-element-b88bb72 e-flex e-con-boxed e-con e-parent\" data-id=\"b88bb72\" data-element_type=\"container\" data-e-type=\"container\">\n\t\t\t\t\t<div class=\"e-con-inner\">\n\t\t\t\t<div class=\"elementor-element elementor-element-17619db elementor-widget elementor-widget-text-editor\" data-id=\"17619db\" data-element_type=\"widget\" data-e-type=\"widget\" data-widget_type=\"text-editor.default\">\n\t\t\t\t<div class=\"elementor-widget-container\">\n\t\t\t\t\t\t\t\t\t<p><em>Encadr\u00e9 par Alain LIGNIER, pr\u00e9parateur physique, entraineurs d&rsquo;athl\u00e8tes de haut-niveau et formateur GMC.\u00a0<\/em><\/p><p><b>\u00a0<\/b><\/p><p><b>ATELIER MOUVEMENT\u00a0:<\/b><\/p><p><span style=\"font-weight: 400;\">R\u00e9veil Corporel\u00a0: mise en mouvement douce<\/span><\/p><ul><li style=\"font-weight: 400;\" aria-level=\"1\"><span style=\"font-weight: 400;\">R\u00e9initialisation<\/span><span style=\"font-weight: 400;\">\u00a0: moment pour rel\u00e2cher les tensions et retrouver son \u00e9nergie<\/span><\/li><li style=\"font-weight: 400;\" aria-level=\"1\"><span style=\"font-weight: 400;\">Gestion du mouvement corporel\u00a0<\/span><span style=\"font-weight: 400;\">: Approche structur\u00e9e pour stimuler les capteurs de\u00a0 l\u2019\u00e9quilibre, renforcer la stabilit\u00e9 posturale et optimiser la mobilit\u00e9<\/span><\/li><li style=\"font-weight: 400;\" aria-level=\"1\"><span style=\"font-weight: 400;\">Circuit training\u00a0<\/span><span style=\"font-weight: 400;\">: Encha\u00eenement dynamique d\u2019exercices pour d\u00e9velopper force et endurance<\/span><\/li><\/ul><p><b>ATELIER RESPIRATION\u00a0:<\/b><\/p><p><span style=\"font-weight: 400;\">R\u00e9initialiser le syst\u00e8me nerveux et retrouver puissance et stabilit\u00e9<\/span><\/p><ul><li style=\"font-weight: 400;\" aria-level=\"1\"><span style=\"font-weight: 400;\">Soulager le syst\u00e8me nerveux en surcharge<\/span><\/li><li style=\"font-weight: 400;\" aria-level=\"1\"><span style=\"font-weight: 400;\">Tonifier le syst\u00e8me parasympathique<\/span><\/li><li style=\"font-weight: 400;\" aria-level=\"1\"><span style=\"font-weight: 400;\">Renforcer le nerf vague<\/span><\/li><li style=\"font-weight: 400;\" aria-level=\"1\"><span style=\"font-weight: 400;\">Installer la coh\u00e9rence cardiaque<\/span><\/li><li style=\"font-weight: 400;\" aria-level=\"1\"><span style=\"font-weight: 400;\">R\u00e9apprendre \u00e0 respirer (langue, nez, posture)<\/span><\/li><\/ul><p><b>ATELIER FASCIAS\u00a0:<\/b><\/p><p><span style=\"font-weight: 400;\">Retrouver mobilit\u00e9, stabilit\u00e9 et \u00e9nergie en relan\u00e7ant la circulation interne par des techniques douces et Reconnecter le corps dans sa globalit\u00e9<\/span><\/p><ul><li style=\"font-weight: 400;\" aria-level=\"1\"><span style=\"font-weight: 400;\">Lib\u00e9rer les tensions profondes<\/span><\/li><li style=\"font-weight: 400;\" aria-level=\"1\"><span style=\"font-weight: 400;\">Restaurer l\u2019\u00e9lasticit\u00e9 des tissus\u00a0<\/span><\/li><li style=\"font-weight: 400;\" aria-level=\"1\"><span style=\"font-weight: 400;\">R\u00e9hydrater le syst\u00e8me fascial<\/span><\/li><li style=\"font-weight: 400;\" aria-level=\"1\"><span style=\"font-weight: 400;\">Am\u00e9liorer la posture<\/span><\/li><li style=\"font-weight: 400;\" aria-level=\"1\"><span style=\"font-weight: 400;\">Optimiser la transmission de force<\/span><\/li><\/ul><p><b>ATELIER REFLEXES ARCHAIQUES\u00a0:<\/b><\/p><p><span style=\"font-weight: 400;\">Reprogrammer les bases et optimiser le potentiel physique et mental<\/span><\/p><ul><li style=\"font-weight: 400;\" aria-level=\"1\"><span style=\"font-weight: 400;\">Identifier les r\u00e9flexes encore actifs<\/span><\/li><li style=\"font-weight: 400;\" aria-level=\"1\"><span style=\"font-weight: 400;\">R\u00e9int\u00e9grer les sch\u00e9mas moteurs fondamentaux<\/span><\/li><li style=\"font-weight: 400;\" aria-level=\"1\"><span style=\"font-weight: 400;\">Am\u00e9liorer coordination et posture<\/span><\/li><li style=\"font-weight: 400;\" aria-level=\"1\"><span style=\"font-weight: 400;\">Stabiliser le syst\u00e8me nerveux<\/span><\/li><li style=\"font-weight: 400;\" aria-level=\"1\"><span style=\"font-weight: 400;\">Lib\u00e9rer les compensations profondes<\/span><\/li><\/ul>\t\t\t\t\t\t\t\t<\/div>\n\t\t\t\t<\/div>\n\t\t\t\t\t<\/div>\n\t\t\t\t<\/div>\n\t\t\t\t<\/div>\n\t\t","protected":false},"excerpt":{"rendered":"<p>Mobilit\u00e9 &amp; fascias ATELIER GLOBAL MOBILITY CONTIONING (GMC) GMC s\u2019inscrit pleinement dans le champ de la pr\u00e9vention fonctionnelle et posturale, [&hellip;]<\/p>\n","protected":false},"author":1,"featured_media":0,"parent":0,"menu_order":0,"comment_status":"closed","ping_status":"closed","template":"","meta":{"site-sidebar-layout":"no-sidebar","site-content-layout":"","ast-site-content-layout":"full-width-container","site-content-style":"default","site-sidebar-style":"default","ast-global-header-display":"","ast-banner-title-visibility":"","ast-main-header-display":"","ast-hfb-above-header-display":"","ast-hfb-below-header-display":"","ast-hfb-mobile-header-display":"","site-post-title":"","ast-breadcrumbs-content":"","ast-featured-img":"disabled","footer-sml-layout":"","ast-disable-related-posts":"","theme-transparent-header-meta":"","adv-header-id-meta":"","stick-header-meta":"","header-above-stick-meta":"","header-main-stick-meta":"","header-below-stick-meta":"","astra-migrate-meta-layouts":"default","ast-page-background-enabled":"default","ast-page-background-meta":{"desktop":{"background-color":"var(--ast-global-color-4)","background-image":"","background-repeat":"repeat","background-position":"center center","background-size":"auto","background-attachment":"scroll","background-type":"","background-media":"","overlay-type":"","overlay-color":"","overlay-opacity":"","overlay-gradient":""},"tablet":{"background-color":"","background-image":"","background-repeat":"repeat","background-position":"center center","background-size":"auto","background-attachment":"scroll","background-type":"","background-media":"","overlay-type":"","overlay-color":"","overlay-opacity":"","overlay-gradient":""},"mobile":{"background-color":"","background-image":"","background-repeat":"repeat","background-position":"center center","background-size":"auto","background-attachment":"scroll","background-type":"","background-media":"","overlay-type":"","overlay-color":"","overlay-opacity":"","overlay-gradient":""}},"ast-content-background-meta":{"desktop":{"background-color":"var(--ast-global-color-5)","background-image":"","background-repeat":"repeat","background-position":"center center","background-size":"auto","background-attachment":"scroll","background-type":"","background-media":"","overlay-type":"","overlay-color":"","overlay-opacity":"","overlay-gradient":""},"tablet":{"background-color":"var(--ast-global-color-5)","background-image":"","background-repeat":"repeat","background-position":"center center","background-size":"auto","background-attachment":"scroll","background-type":"","background-media":"","overlay-type":"","overlay-color":"","overlay-opacity":"","overlay-gradient":""},"mobile":{"background-color":"var(--ast-global-color-5)","background-image":"","background-repeat":"repeat","background-position":"center center","background-size":"auto","background-attachment":"scroll","background-type":"","background-media":"","overlay-type":"","overlay-color":"","overlay-opacity":"","overlay-gradient":""}},"footnotes":""},"class_list":["post-1207","page","type-page","status-publish","hentry"],"yoast_head":"<!-- This site is optimized with the Yoast SEO plugin v27.2 - https:\/\/yoast.com\/product\/yoast-seo-wordpress\/ -->\n<title>Mobilit\u00e9 &amp; facias - Lacanau Beach Club<\/title>\n<meta name=\"robots\" content=\"index, follow, max-snippet:-1, max-image-preview:large, max-video-preview:-1\" \/>\n<link rel=\"canonical\" href=\"https:\/\/lacanaubeachclub.fr\/index.php\/mobilite-facias\/\" \/>\n<meta property=\"og:locale\" content=\"fr_FR\" \/>\n<meta property=\"og:type\" content=\"article\" \/>\n<meta property=\"og:title\" content=\"Mobilit\u00e9 &amp; facias - Lacanau Beach Club\" \/>\n<meta property=\"og:description\" content=\"Mobilit\u00e9 &amp; fascias ATELIER GLOBAL MOBILITY CONTIONING (GMC) GMC s\u2019inscrit pleinement dans le champ de la pr\u00e9vention fonctionnelle et posturale, [&hellip;]\" \/>\n<meta property=\"og:url\" content=\"https:\/\/lacanaubeachclub.fr\/index.php\/mobilite-facias\/\" \/>\n<meta property=\"og:site_name\" content=\"Lacanau Beach Club\" \/>\n<meta property=\"article:modified_time\" content=\"2026-03-03T08:20:23+00:00\" \/>\n<meta property=\"og:image\" content=\"https:\/\/lacanaubeachclub.fr\/wp-content\/uploads\/2026\/03\/Capture-decran-2026-03-02-a-21.19.14.png\" \/>\n\t<meta property=\"og:image:width\" content=\"1310\" \/>\n\t<meta property=\"og:image:height\" content=\"880\" \/>\n\t<meta property=\"og:image:type\" content=\"image\/png\" \/>\n<meta name=\"twitter:card\" content=\"summary_large_image\" \/>\n<meta name=\"twitter:label1\" content=\"Dur\u00e9e de lecture estim\u00e9e\" \/>\n\t<meta name=\"twitter:data1\" content=\"3 minutes\" \/>\n<script type=\"application\/ld+json\" class=\"yoast-schema-graph\">{\"@context\":\"https:\/\/schema.org\",\"@graph\":[{\"@type\":\"WebPage\",\"@id\":\"https:\/\/lacanaubeachclub.fr\/index.php\/mobilite-facias\/\",\"url\":\"https:\/\/lacanaubeachclub.fr\/index.php\/mobilite-facias\/\",\"name\":\"Mobilit\u00e9 &amp; facias - Lacanau Beach Club\",\"isPartOf\":{\"@id\":\"https:\/\/lacanaubeachclub.fr\/#website\"},\"primaryImageOfPage\":{\"@id\":\"https:\/\/lacanaubeachclub.fr\/index.php\/mobilite-facias\/#primaryimage\"},\"image\":{\"@id\":\"https:\/\/lacanaubeachclub.fr\/index.php\/mobilite-facias\/#primaryimage\"},\"thumbnailUrl\":\"http:\/\/lacanaubeachclub.fr\/wp-content\/uploads\/2026\/03\/Capture-decran-2026-03-02-a-21.19.14-1024x688.png\",\"datePublished\":\"2026-03-02T20:19:37+00:00\",\"dateModified\":\"2026-03-03T08:20:23+00:00\",\"breadcrumb\":{\"@id\":\"https:\/\/lacanaubeachclub.fr\/index.php\/mobilite-facias\/#breadcrumb\"},\"inLanguage\":\"fr-FR\",\"potentialAction\":[{\"@type\":\"ReadAction\",\"target\":[\"https:\/\/lacanaubeachclub.fr\/index.php\/mobilite-facias\/\"]}]},{\"@type\":\"ImageObject\",\"inLanguage\":\"fr-FR\",\"@id\":\"https:\/\/lacanaubeachclub.fr\/index.php\/mobilite-facias\/#primaryimage\",\"url\":\"https:\/\/lacanaubeachclub.fr\/wp-content\/uploads\/2026\/03\/Capture-decran-2026-03-02-a-21.19.14.png\",\"contentUrl\":\"https:\/\/lacanaubeachclub.fr\/wp-content\/uploads\/2026\/03\/Capture-decran-2026-03-02-a-21.19.14.png\",\"width\":1310,\"height\":880},{\"@type\":\"BreadcrumbList\",\"@id\":\"https:\/\/lacanaubeachclub.fr\/index.php\/mobilite-facias\/#breadcrumb\",\"itemListElement\":[{\"@type\":\"ListItem\",\"position\":1,\"name\":\"Accueil\",\"item\":\"https:\/\/lacanaubeachclub.fr\/\"},{\"@type\":\"ListItem\",\"position\":2,\"name\":\"Mobilit\u00e9 &amp; facias\"}]},{\"@type\":\"WebSite\",\"@id\":\"https:\/\/lacanaubeachclub.fr\/#website\",\"url\":\"https:\/\/lacanaubeachclub.fr\/\",\"name\":\"Lacanau Beach Club\",\"description\":\"\",\"potentialAction\":[{\"@type\":\"SearchAction\",\"target\":{\"@type\":\"EntryPoint\",\"urlTemplate\":\"https:\/\/lacanaubeachclub.fr\/?s={search_term_string}\"},\"query-input\":{\"@type\":\"PropertyValueSpecification\",\"valueRequired\":true,\"valueName\":\"search_term_string\"}}],\"inLanguage\":\"fr-FR\"}]}<\/script>\n<!-- \/ Yoast SEO plugin. -->","yoast_head_json":{"title":"Mobilit\u00e9 &amp; facias - Lacanau Beach Club","robots":{"index":"index","follow":"follow","max-snippet":"max-snippet:-1","max-image-preview":"max-image-preview:large","max-video-preview":"max-video-preview:-1"},"canonical":"https:\/\/lacanaubeachclub.fr\/index.php\/mobilite-facias\/","og_locale":"fr_FR","og_type":"article","og_title":"Mobilit\u00e9 &amp; facias - Lacanau Beach Club","og_description":"Mobilit\u00e9 &amp; fascias ATELIER GLOBAL MOBILITY CONTIONING (GMC) GMC s\u2019inscrit pleinement dans le champ de la pr\u00e9vention fonctionnelle et posturale, [&hellip;]","og_url":"https:\/\/lacanaubeachclub.fr\/index.php\/mobilite-facias\/","og_site_name":"Lacanau Beach Club","article_modified_time":"2026-03-03T08:20:23+00:00","og_image":[{"width":1310,"height":880,"url":"https:\/\/lacanaubeachclub.fr\/wp-content\/uploads\/2026\/03\/Capture-decran-2026-03-02-a-21.19.14.png","type":"image\/png"}],"twitter_card":"summary_large_image","twitter_misc":{"Dur\u00e9e de lecture estim\u00e9e":"3 minutes"},"schema":{"@context":"https:\/\/schema.org","@graph":[{"@type":"WebPage","@id":"https:\/\/lacanaubeachclub.fr\/index.php\/mobilite-facias\/","url":"https:\/\/lacanaubeachclub.fr\/index.php\/mobilite-facias\/","name":"Mobilit\u00e9 &amp; facias - Lacanau Beach Club","isPartOf":{"@id":"https:\/\/lacanaubeachclub.fr\/#website"},"primaryImageOfPage":{"@id":"https:\/\/lacanaubeachclub.fr\/index.php\/mobilite-facias\/#primaryimage"},"image":{"@id":"https:\/\/lacanaubeachclub.fr\/index.php\/mobilite-facias\/#primaryimage"},"thumbnailUrl":"http:\/\/lacanaubeachclub.fr\/wp-content\/uploads\/2026\/03\/Capture-decran-2026-03-02-a-21.19.14-1024x688.png","datePublished":"2026-03-02T20:19:37+00:00","dateModified":"2026-03-03T08:20:23+00:00","breadcrumb":{"@id":"https:\/\/lacanaubeachclub.fr\/index.php\/mobilite-facias\/#breadcrumb"},"inLanguage":"fr-FR","potentialAction":[{"@type":"ReadAction","target":["https:\/\/lacanaubeachclub.fr\/index.php\/mobilite-facias\/"]}]},{"@type":"ImageObject","inLanguage":"fr-FR","@id":"https:\/\/lacanaubeachclub.fr\/index.php\/mobilite-facias\/#primaryimage","url":"https:\/\/lacanaubeachclub.fr\/wp-content\/uploads\/2026\/03\/Capture-decran-2026-03-02-a-21.19.14.png","contentUrl":"https:\/\/lacanaubeachclub.fr\/wp-content\/uploads\/2026\/03\/Capture-decran-2026-03-02-a-21.19.14.png","width":1310,"height":880},{"@type":"BreadcrumbList","@id":"https:\/\/lacanaubeachclub.fr\/index.php\/mobilite-facias\/#breadcrumb","itemListElement":[{"@type":"ListItem","position":1,"name":"Accueil","item":"https:\/\/lacanaubeachclub.fr\/"},{"@type":"ListItem","position":2,"name":"Mobilit\u00e9 &amp; facias"}]},{"@type":"WebSite","@id":"https:\/\/lacanaubeachclub.fr\/#website","url":"https:\/\/lacanaubeachclub.fr\/","name":"Lacanau Beach Club","description":"","potentialAction":[{"@type":"SearchAction","target":{"@type":"EntryPoint","urlTemplate":"https:\/\/lacanaubeachclub.fr\/?s={search_term_string}"},"query-input":{"@type":"PropertyValueSpecification","valueRequired":true,"valueName":"search_term_string"}}],"inLanguage":"fr-FR"}]}},"_links":{"self":[{"href":"https:\/\/lacanaubeachclub.fr\/index.php\/wp-json\/wp\/v2\/pages\/1207","targetHints":{"allow":["GET"]}}],"collection":[{"href":"https:\/\/lacanaubeachclub.fr\/index.php\/wp-json\/wp\/v2\/pages"}],"about":[{"href":"https:\/\/lacanaubeachclub.fr\/index.php\/wp-json\/wp\/v2\/types\/page"}],"author":[{"embeddable":true,"href":"https:\/\/lacanaubeachclub.fr\/index.php\/wp-json\/wp\/v2\/users\/1"}],"replies":[{"embeddable":true,"href":"https:\/\/lacanaubeachclub.fr\/index.php\/wp-json\/wp\/v2\/comments?post=1207"}],"version-history":[{"count":13,"href":"https:\/\/lacanaubeachclub.fr\/index.php\/wp-json\/wp\/v2\/pages\/1207\/revisions"}],"predecessor-version":[{"id":1234,"href":"https:\/\/lacanaubeachclub.fr\/index.php\/wp-json\/wp\/v2\/pages\/1207\/revisions\/1234"}],"wp:attachment":[{"href":"https:\/\/lacanaubeachclub.fr\/index.php\/wp-json\/wp\/v2\/media?parent=1207"}],"curies":[{"name":"wp","href":"https:\/\/api.w.org\/{rel}","templated":true}]}}